{"id":6602,"date":"2024-10-10T11:24:07","date_gmt":"2024-10-10T09:24:07","guid":{"rendered":"https:\/\/bfc-profile.com\/proteccion-de-datos\/"},"modified":"2024-11-27T14:26:26","modified_gmt":"2024-11-27T13:26:26","slug":"proteccion-de-datos","status":"publish","type":"page","link":"https:\/\/bfc-profile.com\/es\/proteccion-de-datos\/","title":{"rendered":"Protecci\u00f3n de datos"},"content":{"rendered":"\n<div class=\"wp-block-group privacy-policy has-global-padding is-layout-constrained wp-container-core-group-is-layout-b13d32f8 wp-block-group-is-layout-constrained\" style=\"padding-right:var(--wp--preset--spacing--10);padding-left:var(--wp--preset--spacing--10)\">\n<div style=\"height:130px\" aria-hidden=\"true\" class=\"wp-block-spacer\"><\/div>\n\n\n\n<h1 class=\"wp-block-heading\">Pol\u00edtica de privacidad<\/h1>\n\n\n\n<div style=\"height:50px\" aria-hidden=\"true\" class=\"wp-block-spacer\"><\/div>\n\n\n\n<h2 class=\"wp-block-heading\">1. la protecci\u00f3n de datos de un vistazo<\/h2>\n\n\n\n<div style=\"height:30px\" aria-hidden=\"true\" class=\"wp-block-spacer\"><\/div>\n\n\n\n<h3 class=\"wp-block-heading\">Informaci\u00f3n general<\/h3>\n\n\n\n<div style=\"height:20px\" aria-hidden=\"true\" class=\"wp-block-spacer\"><\/div>\n\n\n\n<p>La siguiente informaci\u00f3n proporciona una visi\u00f3n sencilla de lo que ocurre con tus datos personales cuando visitas este sitio web. Por datos personales se entiende cualquier dato que pueda utilizarse para identificarte personalmente. Puedes encontrar informaci\u00f3n detallada sobre el tema de la protecci\u00f3n de datos en nuestra declaraci\u00f3n de protecci\u00f3n de datos que aparece debajo de este texto.  <\/p>\n\n\n\n<div style=\"height:40px\" aria-hidden=\"true\" class=\"wp-block-spacer\"><\/div>\n\n\n\n<h3 class=\"wp-block-heading\">Recogida de datos en este sitio web<\/h3>\n\n\n\n<div style=\"height:20px\" aria-hidden=\"true\" class=\"wp-block-spacer\"><\/div>\n\n\n\n<h4 class=\"wp-block-heading\">\u00bfQui\u00e9n es responsable de la recogida de datos en este sitio web?<\/h4>\n\n\n\n<p>El tratamiento de datos en este sitio web lo lleva a cabo el operador del sitio web. Puedes encontrar los datos de contacto del operador en la secci\u00f3n \u00abInformaci\u00f3n sobre el responsable del tratamiento\u00bb de esta pol\u00edtica de privacidad. <\/p>\n\n\n\n<div style=\"height:20px\" aria-hidden=\"true\" class=\"wp-block-spacer\"><\/div>\n\n\n\n<h4 class=\"wp-block-heading\">\u00bfC\u00f3mo recogemos tus datos?<\/h4>\n\n\n\n<p>Por un lado, tus datos se recogen cuando nos los proporcionas. Puede tratarse, por ejemplo, de los datos que introduces en un formulario de contacto. <\/p>\n\n\n\n<p>Nuestros sistemas inform\u00e1ticos recogen otros datos autom\u00e1ticamente o con tu consentimiento cuando visitas el sitio web. Se trata principalmente de datos t\u00e9cnicos (por ejemplo, navegador de Internet, sistema operativo o tiempo de visualizaci\u00f3n de la p\u00e1gina). Estos datos se recogen autom\u00e1ticamente en cuanto entras en este sitio web.  <\/p>\n\n\n\n<div style=\"height:20px\" aria-hidden=\"true\" class=\"wp-block-spacer\"><\/div>\n\n\n\n<h4 class=\"wp-block-heading\">\u00bfPara qu\u00e9 utilizamos tus datos?<\/h4>\n\n\n\n<p>Algunos de los datos se recogen para garantizar que el sitio web se proporciona sin errores. Otros datos pueden utilizarse para analizar tu comportamiento como usuario. <\/p>\n\n\n\n<div style=\"height:20px\" aria-hidden=\"true\" class=\"wp-block-spacer\"><\/div>\n\n\n\n<h4 class=\"wp-block-heading\">\u00bfQu\u00e9 derechos tienes en relaci\u00f3n con tus datos?<\/h4>\n\n\n\n<p>Tienes derecho a recibir informaci\u00f3n sobre el origen, destinatario y finalidad de tus datos personales almacenados de forma gratuita en cualquier momento. Tambi\u00e9n tienes derecho a solicitar la correcci\u00f3n o eliminaci\u00f3n de estos datos. Si has dado tu consentimiento al tratamiento de datos, puedes revocarlo en cualquier momento para el futuro. Tambi\u00e9n tienes derecho a solicitar la restricci\u00f3n del tratamiento de tus datos personales en determinadas circunstancias. Adem\u00e1s, tienes derecho a presentar una reclamaci\u00f3n ante la autoridad de control competente.     Puedes ponerte en contacto con nosotros en cualquier momento si tienes m\u00e1s preguntas sobre el tema de la protecci\u00f3n de datos.<\/p>\n\n\n\n<div style=\"height:40px\" aria-hidden=\"true\" class=\"wp-block-spacer\"><\/div>\n\n\n\n<h3 class=\"wp-block-heading\">Herramientas de an\u00e1lisis y herramientas de terceros proveedores<\/h3>\n\n\n\n<div style=\"height:20px\" aria-hidden=\"true\" class=\"wp-block-spacer\"><\/div>\n\n\n\n<p>Cuando visitas este sitio web, tu comportamiento de navegaci\u00f3n puede ser evaluado estad\u00edsticamente. Esto se hace principalmente con los llamados programas de an\u00e1lisis.  Puedes encontrar informaci\u00f3n detallada sobre estos programas de an\u00e1lisis en la siguiente pol\u00edtica de privacidad.<\/p>\n\n\n\n<div style=\"height:80px\" aria-hidden=\"true\" class=\"wp-block-spacer\"><\/div>\n\n\n\n<h2 class=\"wp-block-heading\">2. alojamiento<\/h2>\n\n\n\n<div style=\"height:20px\" aria-hidden=\"true\" class=\"wp-block-spacer\"><\/div>\n\n\n\n<p>Alojamos el contenido de nuestro sitio web con el siguiente proveedor:<\/p>\n\n\n\n<div style=\"height:40px\" aria-hidden=\"true\" class=\"wp-block-spacer\"><\/div>\n\n\n\n<h3 class=\"wp-block-heading\">Alojamiento externo<\/h3>\n\n\n\n<div style=\"height:20px\" aria-hidden=\"true\" class=\"wp-block-spacer\"><\/div>\n\n\n\n<p>Este sitio web est\u00e1 alojado externamente. Los datos personales recogidos en este sitio web se almacenan en los servidores del hospedador o hospedadores. Esto puede incluir direcciones IP, solicitudes de contacto, metadatos y datos de comunicaci\u00f3n, datos contractuales, datos de contacto, nombres, accesos al sitio web y otros datos generados a trav\u00e9s de un sitio web.  <\/p>\n\n\n\n<div style=\"height:10px\" aria-hidden=\"true\" class=\"wp-block-spacer\"><\/div>\n\n\n\n<p>El alojamiento externo se lleva a cabo con el fin de cumplir el contrato con nuestros clientes potenciales y existentes (Art. 6 p\u00e1rr. 1 lit. b GDPR) y en inter\u00e9s de una provisi\u00f3n segura, r\u00e1pida y eficiente de nuestra oferta en l\u00ednea por parte de un proveedor profesional (Art. 6 p\u00e1rr. 1 lit. f GDPR). Si se ha solicitado el correspondiente consentimiento, el tratamiento se lleva a cabo exclusivamente sobre la base del Art. 6 p\u00e1rr. 1 lit. a GDPR y \u00a7 25 p\u00e1rr. 1 TTDSG, en la medida en que el consentimiento incluya el almacenamiento de cookies o el acceso a informaci\u00f3n en el dispositivo terminal del usuario (por ejemplo, huella digital del dispositivo) en el sentido de la TTDSG. El consentimiento puede ser revocado en cualquier momento.     <\/p>\n\n\n\n<div style=\"height:10px\" aria-hidden=\"true\" class=\"wp-block-spacer\"><\/div>\n\n\n\n<p>Nuestro(s) anfitri\u00f3n(es) s\u00f3lo procesar\u00e1(n) tus datos en la medida necesaria para cumplir sus obligaciones de ejecuci\u00f3n y seguir nuestras instrucciones con respecto a estos datos.<\/p>\n\n\n\n<div style=\"height:40px\" aria-hidden=\"true\" class=\"wp-block-spacer\"><\/div>\n\n\n\n<p>Utilizamos los siguientes hosters:<\/p>\n\n\n\n<p><br\/><br\/>STRATO AG Pascalstra\u00dfe 10 10587 Berl\u00edn<\/p>\n\n\n\n<div style=\"height:40px\" aria-hidden=\"true\" class=\"wp-block-spacer\"><\/div>\n\n\n\n<h4 class=\"wp-block-heading\">Tramitaci\u00f3n de pedidos<\/h4>\n\n\n\n<p>Hemos concluido un acuerdo de procesamiento de datos (APD) para el uso del servicio mencionado. Se trata de un contrato prescrito por la ley de protecci\u00f3n de datos, que garantiza que procesa los datos personales de los visitantes de nuestro sitio web s\u00f3lo de acuerdo con nuestras instrucciones y de conformidad con el GDPR. <\/p>\n\n\n\n<div style=\"height:80px\" aria-hidden=\"true\" class=\"wp-block-spacer\"><\/div>\n\n\n\n<h2 class=\"wp-block-heading\">3 Notas generales e informaci\u00f3n obligatoria<\/h2>\n\n\n\n<div style=\"height:20px\" aria-hidden=\"true\" class=\"wp-block-spacer\"><\/div>\n\n\n\n<h3 class=\"wp-block-heading\">Protecci\u00f3n de datos<\/h3>\n\n\n\n<div style=\"height:20px\" aria-hidden=\"true\" class=\"wp-block-spacer\"><\/div>\n\n\n\n<p>Los operadores de estas p\u00e1ginas se toman muy en serio la protecci\u00f3n de tus datos personales. Tratamos tus datos personales confidencialmente y de acuerdo con las normas legales de protecci\u00f3n de datos y esta pol\u00edtica de privacidad. <\/p>\n\n\n\n<p>Cuando utilizas este sitio web, se recogen diversos datos personales. Los datos personales son datos que pueden utilizarse para identificarte personalmente. Esta pol\u00edtica de privacidad explica qu\u00e9 datos recogemos y para qu\u00e9 los utilizamos. Tambi\u00e9n explica c\u00f3mo y con qu\u00e9 fin lo hacemos.   <\/p>\n\n\n\n<p>Nos gustar\u00eda se\u00f1alar que la transmisi\u00f3n de datos a trav\u00e9s de Internet (por ejemplo, cuando se comunica por correo electr\u00f3nico) puede estar sujeta a vulnerabilidades de seguridad. No es posible una protecci\u00f3n completa de los datos contra el acceso de terceros. <\/p>\n\n\n\n<div style=\"height:40px\" aria-hidden=\"true\" class=\"wp-block-spacer\"><\/div>\n\n\n\n<h3 class=\"wp-block-heading\">Nota sobre el organismo responsable<\/h3>\n\n\n\n<div style=\"height:20px\" aria-hidden=\"true\" class=\"wp-block-spacer\"><\/div>\n\n\n\n<p>El responsable del tratamiento de datos en este sitio web es<\/p>\n\n\n\n<p><br\/><br\/>BFC Fahrzeugteile GmbH Industriestr. 17 74321 Bietigheim-Bissingen <\/p>\n\n\n\n<p><br\/>Tel\u00e9fono: +49 71 42 | 78 89 09 &#8211; 0 Correo electr\u00f3nico:<a href=\"mailto:datenschutzbeauftragter@bfc-profile.com\" target=\"_blank\" rel=\"noreferrer noopener\">datenschutzbeauftragter@bfc-profile.com<\/a><\/p>\n\n\n\n<div style=\"height:20px\" aria-hidden=\"true\" class=\"wp-block-spacer\"><\/div>\n\n\n\n<p>El responsable del tratamiento es la persona f\u00edsica o jur\u00eddica que, sola o conjuntamente con otras, determina los fines y los medios del tratamiento de los datos personales (por ejemplo, nombres, direcciones de correo electr\u00f3nico, etc.).<\/p>\n\n\n\n<div style=\"height:40px\" aria-hidden=\"true\" class=\"wp-block-spacer\"><\/div>\n\n\n\n<h3 class=\"wp-block-heading\">Duraci\u00f3n del almacenamiento<\/h3>\n\n\n\n<div style=\"height:20px\" aria-hidden=\"true\" class=\"wp-block-spacer\"><\/div>\n\n\n\n<p>A menos que se haya especificado un periodo de almacenamiento m\u00e1s concreto en esta pol\u00edtica de privacidad, tus datos personales permanecer\u00e1n con nosotros hasta que el prop\u00f3sito del procesamiento de datos deje de ser aplicable. Si haces valer una solicitud justificada de supresi\u00f3n o revocas tu consentimiento para el tratamiento de datos, tus datos se suprimir\u00e1n, a menos que tengamos otros motivos legalmente permitidos para almacenar tus datos personales (por ejemplo, periodos de conservaci\u00f3n en virtud de la legislaci\u00f3n fiscal o mercantil); en este \u00faltimo caso, la supresi\u00f3n se producir\u00e1 cuando dejen de aplicarse dichos motivos. <\/p>\n\n\n\n<div style=\"height:40px\" aria-hidden=\"true\" class=\"wp-block-spacer\"><\/div>\n\n\n\n<h3 class=\"wp-block-heading\">Informaci\u00f3n general sobre la base jur\u00eddica del tratamiento de datos en este sitio web<\/h3>\n\n\n\n<div style=\"height:20px\" aria-hidden=\"true\" class=\"wp-block-spacer\"><\/div>\n\n\n\n<p>Si has dado tu consentimiento para el procesamiento de datos, procesamos tus datos personales sobre la base del Art. 6 p\u00e1rr. 1 lit. a GDPR o del Art. 9 p\u00e1rr. 2 lit. a GDPR, en la medida en que se procesen categor\u00edas especiales de datos de conformidad con el Art. 9 p\u00e1rr. 1 GDPR. En caso de consentimiento expreso a la transferencia de datos personales a terceros pa\u00edses, el tratamiento de datos tambi\u00e9n se lleva a cabo sobre la base del Art. 49 p\u00e1rr.       1 lit. a GDPR. Si has consentido el almacenamiento de cookies o el acceso a informaci\u00f3n en tu dispositivo final (por ejemplo, a trav\u00e9s de la huella digital del dispositivo), el tratamiento de datos tambi\u00e9n se lleva a cabo sobre la base de la Secci\u00f3n 25 (1) TTDSG.    El consentimiento puede revocarse en cualquier momento. Si tus datos son necesarios para el cumplimiento de un contrato o para la aplicaci\u00f3n de medidas precontractuales, procesamos tus datos sobre la base del Art. 6 p\u00e1rr. 1 lit. b GDPR. Adem\u00e1s, procesamos tus datos si es necesario para cumplir una obligaci\u00f3n legal sobre la base del Art. 6 para.     1 lit. c GDPR. El tratamiento de datos tambi\u00e9n puede basarse en nuestro inter\u00e9s leg\u00edtimo de conformidad con el Art. 6 p\u00e1rr.   1 lit. f GDPR. En los p\u00e1rrafos siguientes de esta pol\u00edtica de privacidad se facilita informaci\u00f3n sobre las bases jur\u00eddicas pertinentes en cada caso concreto.  <\/p>\n\n\n\n<div style=\"height:40px\" aria-hidden=\"true\" class=\"wp-block-spacer\"><\/div>\n\n\n\n<h3 class=\"wp-block-heading\">Nota sobre la transferencia de datos a EE.UU. y otros terceros pa\u00edses<\/h3>\n\n\n\n<div style=\"height:20px\" aria-hidden=\"true\" class=\"wp-block-spacer\"><\/div>\n\n\n\n<p>Entre otras cosas, utilizamos herramientas de empresas con sede en EE.UU. u otros terceros pa\u00edses que no son seguros seg\u00fan la ley de protecci\u00f3n de datos. Si estas herramientas est\u00e1n activas, tus datos personales pueden ser transferidos a estos terceros pa\u00edses y procesados all\u00ed. Nos gustar\u00eda se\u00f1alar que en estos pa\u00edses no se puede garantizar un nivel de protecci\u00f3n de datos comparable al de la UE. Por ejemplo, las empresas estadounidenses est\u00e1n obligadas a entregar datos personales a las autoridades de seguridad sin que t\u00fa, como interesado, puedas emprender acciones legales contra ello. Por tanto, no se puede descartar que las autoridades estadounidenses (por ejemplo, los servicios secretos) procesen, analicen y almacenen permanentemente tus datos en servidores estadounidenses con fines de vigilancia. No tenemos ninguna influencia sobre estas actividades de procesamiento.     <\/p>\n\n\n\n<div style=\"height:40px\" aria-hidden=\"true\" class=\"wp-block-spacer\"><\/div>\n\n\n\n<h3 class=\"wp-block-heading\">Revocaci\u00f3n de tu consentimiento para el tratamiento de datos<\/h3>\n\n\n\n<div style=\"height:20px\" aria-hidden=\"true\" class=\"wp-block-spacer\"><\/div>\n\n\n\n<p>Muchas operaciones de tratamiento de datos s\u00f3lo son posibles con tu consentimiento expreso. Puedes revocar tu consentimiento en cualquier momento. La legalidad del tratamiento de datos realizado hasta la revocaci\u00f3n no se ver\u00e1 afectada por \u00e9sta.  <\/p>\n\n\n\n<div style=\"height:40px\" aria-hidden=\"true\" class=\"wp-block-spacer\"><\/div>\n\n\n\n<h3 class=\"wp-block-heading\">Derecho a oponerse a la recogida de datos en casos especiales y a la mercadotecnia directa (Art. 21 GDPR)<\/h3>\n\n\n\n<div style=\"height:20px\" aria-hidden=\"true\" class=\"wp-block-spacer\"><\/div>\n\n\n\n<p>Si el tratamiento de datos se lleva a cabo sobre la base del Art. 6 p\u00e1rr. 1 lit. e o f GDPR, tienes derecho a oponerte al tratamiento de tus datos personales en cualquier momento por motivos derivados de tu situaci\u00f3n particular; esto tambi\u00e9n se aplica a la elaboraci\u00f3n de perfiles basada en estas disposiciones. La base jur\u00eddica respectiva en la que se basa el procesamiento se puede encontrar en esta pol\u00edtica de privacidad. Si presentas una objeci\u00f3n, dejaremos de procesar tus datos personales en cuesti\u00f3n, a menos que podamos demostrar motivos leg\u00edtimos imperiosos para el procesamiento que prevalezcan sobre tus intereses, derechos y libertades, o que el procesamiento sirva para el establecimiento, ejercicio o defensa de reclamaciones legales (objeci\u00f3n conforme al Art. 21 (1) GDPR).    <\/p>\n\n\n\n<div style=\"height:10px\" aria-hidden=\"true\" class=\"wp-block-spacer\"><\/div>\n\n\n\n<p>Si tus datos personales se procesan con fines de marketing directo, tienes derecho a oponerte en cualquier momento al procesamiento de los datos personales que te conciernen con fines de dicho marketing; esto tambi\u00e9n se aplica a la elaboraci\u00f3n de perfiles en la medida en que est\u00e9 asociada a dicho marketing directo. Si te opones, tus datos personales dejar\u00e1n de utilizarse posteriormente para fines de marketing directo (oposici\u00f3n conforme al Art. 21 (2) GDPR). <\/p>\n\n\n\n<div style=\"height:40px\" aria-hidden=\"true\" class=\"wp-block-spacer\"><\/div>\n\n\n\n<h3 class=\"wp-block-heading\">Derecho a presentar una reclamaci\u00f3n ante la autoridad de control competente<\/h3>\n\n\n\n<div style=\"height:20px\" aria-hidden=\"true\" class=\"wp-block-spacer\"><\/div>\n\n\n\n<p>En caso de infracci\u00f3n del RGPD, los interesados tienen derecho a presentar una reclamaci\u00f3n ante una autoridad de control, en particular en el Estado miembro de su residencia habitual, lugar de trabajo o lugar de la presunta infracci\u00f3n. El derecho a presentar una reclamaci\u00f3n se entiende sin perjuicio de cualquier otro recurso administrativo o judicial. <\/p>\n\n\n\n<div style=\"height:40px\" aria-hidden=\"true\" class=\"wp-block-spacer\"><\/div>\n\n\n\n<h3 class=\"wp-block-heading\">Derecho a la portabilidad de los datos<\/h3>\n\n\n\n<div style=\"height:20px\" aria-hidden=\"true\" class=\"wp-block-spacer\"><\/div>\n\n\n\n<p>Tienes derecho a que los datos que procesamos autom\u00e1ticamente sobre la base de tu consentimiento o en cumplimiento de un contrato te sean entregados a ti o a un tercero en un formato de uso com\u00fan legible por m\u00e1quina. Si solicitas la transferencia directa de los datos a otro responsable del tratamiento, s\u00f3lo se har\u00e1 en la medida en que sea t\u00e9cnicamente factible. <\/p>\n\n\n\n<div style=\"height:40px\" aria-hidden=\"true\" class=\"wp-block-spacer\"><\/div>\n\n\n\n<h3 class=\"wp-block-heading\">Informaci\u00f3n, supresi\u00f3n y rectificaci\u00f3n<\/h3>\n\n\n\n<div style=\"height:20px\" aria-hidden=\"true\" class=\"wp-block-spacer\"><\/div>\n\n\n\n<p>En el marco de las disposiciones legales aplicables, tienes derecho en todo momento a recibir informaci\u00f3n gratuita sobre tus datos personales almacenados, su origen y destinatario y la finalidad del tratamiento de datos y, si es necesario, derecho a la rectificaci\u00f3n o eliminaci\u00f3n de estos datos. Puedes ponerte en contacto con nosotros en cualquier momento si tienes m\u00e1s preguntas sobre el tema de los datos personales. <\/p>\n\n\n\n<div style=\"height:40px\" aria-hidden=\"true\" class=\"wp-block-spacer\"><\/div>\n\n\n\n<h3 class=\"wp-block-heading\">Derecho a la limitaci\u00f3n del tratamiento<\/h3>\n\n\n\n<div style=\"height:20px\" aria-hidden=\"true\" class=\"wp-block-spacer\"><\/div>\n\n\n\n<p>Tienes derecho a solicitar la limitaci\u00f3n del tratamiento de tus datos personales. Puedes ponerte en contacto con nosotros en cualquier momento para hacerlo. El derecho a la restricci\u00f3n del tratamiento existe en los siguientes casos:  <\/p>\n\n\n\n<ul class=\"wp-block-list\">\n<li>Si impugnas la exactitud de tus datos personales almacenados por nosotros, generalmente necesitamos tiempo para comprobarlo. Mientras dure la revisi\u00f3n, tienes derecho a solicitar que se restrinja el tratamiento de tus datos personales. <\/li>\n\n\n\n<li>Si el tratamiento de tus datos personales fue\/es il\u00edcito, puedes solicitar la limitaci\u00f3n del tratamiento de datos en lugar de su supresi\u00f3n.<\/li>\n\n\n\n<li>Si ya no necesitamos tus datos personales, pero t\u00fa los necesitas para el ejercicio, defensa o reclamaci\u00f3n de acciones legales, tienes derecho a solicitar la limitaci\u00f3n del tratamiento de tus datos personales en lugar de su supresi\u00f3n.<\/li>\n\n\n\n<li>Si has presentado una objeci\u00f3n de acuerdo con el Art. 21 (1) GDPR, se debe alcanzar un equilibrio entre tus intereses y los nuestros. Mientras no se haya determinado qu\u00e9 intereses prevalecen, tienes derecho a solicitar la restricci\u00f3n del tratamiento de tus datos personales.  <\/li>\n<\/ul>\n\n\n\n<div style=\"height:10px\" aria-hidden=\"true\" class=\"wp-block-spacer\"><\/div>\n\n\n\n<p>Si has restringido el tratamiento de tus datos personales, estos datos -aparte de su almacenamiento- s\u00f3lo podr\u00e1n tratarse con tu consentimiento o para el reconocimiento, ejercicio o defensa de reclamaciones judiciales o para la protecci\u00f3n de los derechos de otra persona f\u00edsica o jur\u00eddica o por razones de inter\u00e9s p\u00fablico importante de la Uni\u00f3n Europea o de un Estado miembro.<\/p>\n\n\n\n<div style=\"height:40px\" aria-hidden=\"true\" class=\"wp-block-spacer\"><\/div>\n\n\n\n<h3 class=\"wp-block-heading\">Encriptaci\u00f3n SSL o TLS<\/h3>\n\n\n\n<div style=\"height:20px\" aria-hidden=\"true\" class=\"wp-block-spacer\"><\/div>\n\n\n\n<p>Este sitio utiliza encriptaci\u00f3n SSL o TLS por razones de seguridad y para proteger la transmisi\u00f3n de contenido confidencial, como pedidos o consultas que nos env\u00edas como operador del sitio. Puedes reconocer una conexi\u00f3n encriptada por el hecho de que la l\u00ednea de direcci\u00f3n del navegador cambia de \u00abhttp:\/\/\u00bb a \u00abhttps:\/\/\u00bb y por el s\u00edmbolo del candado en la l\u00ednea de tu navegador.  Si la encriptaci\u00f3n SSL o TLS est\u00e1 activada, los datos que nos transmitas no podr\u00e1n ser le\u00eddos por terceros.<\/p>\n\n\n\n<div style=\"height:40px\" aria-hidden=\"true\" class=\"wp-block-spacer\"><\/div>\n\n\n\n<h3 class=\"wp-block-heading\">Objeci\u00f3n a los correos electr\u00f3nicos publicitarios<\/h3>\n\n\n\n<p><\/p>\n\n\n\n<p>Por la presente nos oponemos al uso de los datos de contacto publicados como parte de nuestra obligaci\u00f3n de proporcionar un aviso legal con el fin de enviar material publicitario e informativo no solicitado. Los operadores de este sitio web se reservan expresamente el derecho a emprender acciones legales en caso de env\u00edo no solicitado de informaci\u00f3n publicitaria, como correos electr\u00f3nicos basura. <\/p>\n\n\n\n<div style=\"height:80px\" aria-hidden=\"true\" class=\"wp-block-spacer\"><\/div>\n\n\n\n<h2 class=\"wp-block-heading\">4. recogida de datos en este sitio web<\/h2>\n\n\n\n<div style=\"height:20px\" aria-hidden=\"true\" class=\"wp-block-spacer\"><\/div>\n\n\n\n<h3 class=\"wp-block-heading\">Cookies<\/h3>\n\n\n\n<div style=\"height:20px\" aria-hidden=\"true\" class=\"wp-block-spacer\"><\/div>\n\n\n\n<p>Nuestras p\u00e1ginas de Internet utilizan las llamadas \u00abcookies\u00bb. Las cookies son peque\u00f1os paquetes de datos y no causan ning\u00fan da\u00f1o a tu dispositivo final. Se almacenan en tu dispositivo de forma temporal durante una sesi\u00f3n (cookies de sesi\u00f3n) o permanente (cookies permanentes). Las cookies de sesi\u00f3n se eliminan autom\u00e1ticamente al final de tu visita. Las cookies permanentes permanecen almacenadas en tu dispositivo final hasta que t\u00fa mismo las eliminas o hasta que tu navegador las elimina autom\u00e1ticamente.    <\/p>\n\n\n\n<div style=\"height:10px\" aria-hidden=\"true\" class=\"wp-block-spacer\"><\/div>\n\n\n\n<p>Las cookies pueden proceder de nosotros (cookies de origen) o de terceras empresas (las llamadas cookies de terceros). Las cookies de terceros permiten la integraci\u00f3n de determinados servicios de terceras empresas en los sitios web (por ejemplo, cookies para procesar servicios de pago). <\/p>\n\n\n\n<div style=\"height:10px\" aria-hidden=\"true\" class=\"wp-block-spacer\"><\/div>\n\n\n\n<p>Las cookies tienen varias funciones. Muchas cookies son t\u00e9cnicamente necesarias, ya que ciertas funciones del sitio web no funcionar\u00edan sin ellas (por ejemplo, la funci\u00f3n de cesta de la compra o la visualizaci\u00f3n de v\u00eddeos). Otras cookies pueden utilizarse para analizar el comportamiento de los usuarios o con fines publicitarios.  <\/p>\n\n\n\n<div style=\"height:10px\" aria-hidden=\"true\" class=\"wp-block-spacer\"><\/div>\n\n\n\n<p>Las cookies necesarias para llevar a cabo el proceso de comunicaci\u00f3n electr\u00f3nica, para proporcionar ciertas funciones que has solicitado (por ejemplo, para la funci\u00f3n de cesta de la compra) o para optimizar el sitio web (por ejemplo, cookies para medir la audiencia de la web) (cookies necesarias) se almacenan sobre la base del Art. 6 p\u00e1rrafo 1 lit. f GDPR, a menos que se especifique otra base legal. El operador del sitio web tiene un inter\u00e9s leg\u00edtimo en el almacenamiento de cookies necesarias para la prestaci\u00f3n t\u00e9cnicamente sin errores y optimizada de sus servicios. Si se ha solicitado el consentimiento para el almacenamiento de cookies y tecnolog\u00edas de reconocimiento comparables, el procesamiento se lleva a cabo exclusivamente sobre la base de este consentimiento (Art. 6 p\u00e1rr. 1 lit. a GDPR y \u00a7 25 p\u00e1rr. 1 TTDSG); el consentimiento puede revocarse en cualquier momento.    <\/p>\n\n\n\n<div style=\"height:10px\" aria-hidden=\"true\" class=\"wp-block-spacer\"><\/div>\n\n\n\n<p>Puedes configurar tu navegador para que te informe sobre la instalaci\u00f3n de cookies y permitirlas s\u00f3lo en casos individuales, excluir la aceptaci\u00f3n de cookies para determinados casos o en general y activar la eliminaci\u00f3n autom\u00e1tica de cookies al cerrar el navegador. Si se desactivan las cookies, la funcionalidad de este sitio web puede verse restringida.  Puedes averiguar qu\u00e9 cookies y servicios se utilizan en este sitio web en esta pol\u00edtica de privacidad.<\/p>\n\n\n\n<div style=\"height:40px\" aria-hidden=\"true\" class=\"wp-block-spacer\"><\/div>\n\n\n\n<h3 class=\"wp-block-heading\">Consentimiento con Cookie Borlabs<\/h3>\n\n\n\n<div style=\"height:20px\" aria-hidden=\"true\" class=\"wp-block-spacer\"><\/div>\n\n\n\n<p>Nuestro sitio web utiliza la tecnolog\u00eda de consentimiento de cookies de Borlabs para obtener tu consentimiento para el almacenamiento de determinadas cookies en tu navegador o para el uso de determinadas tecnolog\u00edas y documentarlas en cumplimiento de la normativa de protecci\u00f3n de datos. El proveedor de esta tecnolog\u00eda es Borlabs GmbH, R\u00fcbenkamp 32, 22305 Hamburgo, Alemania (en adelante, Borlabs). <\/p>\n\n\n\n<p>Cuando entras en nuestro sitio web, se almacena una cookie de Borlabs en tu navegador, en la que se guardan los consentimientos que has dado o la revocaci\u00f3n de estos consentimientos. Estos datos no se transmiten al proveedor de la cookie Borlabs. <\/p>\n\n\n\n<div style=\"height:10px\" aria-hidden=\"true\" class=\"wp-block-spacer\"><\/div>\n\n\n\n<p>Los datos recopilados se almacenar\u00e1n hasta que nos pidas que los eliminemos o hasta que t\u00fa mismo elimines la cookie de Borlabs o hasta que el prop\u00f3sito para almacenar los datos deje de ser aplicable. Los periodos de conservaci\u00f3n obligatorios por ley no se ver\u00e1n afectados. Los detalles sobre el procesamiento de datos por Borlabs Cookie se pueden encontrar en <a href=\"\" target=\"\" rel=\"\">https:\/\/de.borlabs.io\/kb\/welche-daten-speichert-borlabs-cookie\/.<\/a>  <\/p>\n\n\n\n<p>La tecnolog\u00eda de consentimiento de cookies de Borlabs se utiliza para obtener el consentimiento legalmente requerido para el uso de cookies. La base legal para ello es el Art. 6 p\u00e1rr.  1 lit. c GDPR.   <a href=\"https:\/\/bfc-profile.de\/datenschutzerklaerung\/#\">Revocar tu consentimiento<\/a><\/p>\n\n\n\n<div style=\"height:40px\" aria-hidden=\"true\" class=\"wp-block-spacer\"><\/div>\n\n\n\n<h3 class=\"wp-block-heading\">Archivos de registro del servidor<\/h3>\n\n\n\n<div style=\"height:20px\" aria-hidden=\"true\" class=\"wp-block-spacer\"><\/div>\n\n\n\n<p>El proveedor de las p\u00e1ginas recoge y almacena autom\u00e1ticamente informaci\u00f3n en los llamados archivos de registro del servidor, que tu navegador nos transmite autom\u00e1ticamente. \u00c9stos son <\/p>\n\n\n\n<ul class=\"wp-block-list\">\n<li>Tipo de navegador y versi\u00f3n del navegador<\/li>\n\n\n\n<li>Sistema operativo utilizado<\/li>\n\n\n\n<li>URL de referencia<\/li>\n\n\n\n<li>Nombre de host del ordenador de acceso<\/li>\n\n\n\n<li>Hora de la petici\u00f3n al servidor<\/li>\n\n\n\n<li>Direcci\u00f3n IP<\/li>\n<\/ul>\n\n\n\n<div style=\"height:10px\" aria-hidden=\"true\" class=\"wp-block-spacer\"><\/div>\n\n\n\n<p>Estos datos no se fusionan con otras fuentes de datos.<\/p>\n\n\n\n<p>Estos datos se recogen sobre la base del Art. 6 p\u00e1rr. 1 lit. f GDPR. El operador del sitio web tiene un inter\u00e9s leg\u00edtimo en la presentaci\u00f3n t\u00e9cnicamente libre de errores y la optimizaci\u00f3n de su sitio web &#8211; los archivos de registro del servidor deben registrarse con este fin.   <\/p>\n\n\n\n<div style=\"height:40px\" aria-hidden=\"true\" class=\"wp-block-spacer\"><\/div>\n\n\n\n<h3 class=\"wp-block-heading\">Formulario de contacto<\/h3>\n\n\n\n<div style=\"height:20px\" aria-hidden=\"true\" class=\"wp-block-spacer\"><\/div>\n\n\n\n<p>Si nos env\u00edas consultas a trav\u00e9s del formulario de contacto, tus datos del formulario de consulta, incluidos los datos de contacto que nos facilites all\u00ed, ser\u00e1n almacenados por nosotros con el fin de procesar la consulta y en caso de preguntas de seguimiento. No transmitiremos estos datos sin tu consentimiento. <\/p>\n\n\n\n<p>Estos datos se procesan sobre la base del Art. 6 p\u00e1rr. 1 lit. b GDPR si tu consulta est\u00e1 relacionada con el cumplimiento de un contrato o es necesaria para la aplicaci\u00f3n de medidas precontractuales. En todos los dem\u00e1s casos, el tratamiento se basa en nuestro inter\u00e9s leg\u00edtimo en el tratamiento efectivo de las consultas que se nos dirigen (Art. 6 p\u00e1rr. 1 lit. f GDPR) o en tu consentimiento (Art. 6 p\u00e1rr. 1 lit. a GDPR) si \u00e9ste ha sido solicitado; el consentimiento puede ser revocado en cualquier momento.   <\/p>\n\n\n\n<div style=\"height:10px\" aria-hidden=\"true\" class=\"wp-block-spacer\"><\/div>\n\n\n\n<p>Conservaremos los datos que nos proporciones en el formulario de contacto hasta que solicites su eliminaci\u00f3n, revoques tu consentimiento para su almacenamiento o deje de existir la finalidad de su almacenamiento (por ejemplo, despu\u00e9s de satisfacer tu solicitud). Las disposiciones legales obligatorias -en particular los periodos de conservaci\u00f3n- no se ver\u00e1n afectadas. <\/p>\n\n\n\n<div style=\"height:40px\" aria-hidden=\"true\" class=\"wp-block-spacer\"><\/div>\n\n\n\n<h3 class=\"wp-block-heading\">Consulta por correo electr\u00f3nico, tel\u00e9fono o fax<\/h3>\n\n\n\n<div style=\"height:20px\" aria-hidden=\"true\" class=\"wp-block-spacer\"><\/div>\n\n\n\n<p>Si te pones en contacto con nosotros por correo electr\u00f3nico, tel\u00e9fono o fax, tu consulta, incluidos todos los datos personales (nombre, consulta), ser\u00e1 almacenada y procesada por nosotros con el fin de tramitar tu solicitud. No transmitiremos estos datos sin tu consentimiento. <\/p>\n\n\n\n<div style=\"height:10px\" aria-hidden=\"true\" class=\"wp-block-spacer\"><\/div>\n\n\n\n<p>Estos datos se procesan sobre la base del Art. 6 p\u00e1rr. 1 lit. b GDPR si tu consulta est\u00e1 relacionada con el cumplimiento de un contrato o es necesaria para la aplicaci\u00f3n de medidas precontractuales. En todos los dem\u00e1s casos, el tratamiento se basa en nuestro inter\u00e9s leg\u00edtimo en el tratamiento efectivo de las consultas que se nos dirigen (Art. 6 p\u00e1rr. 1 lit. f GDPR) o en tu consentimiento (Art. 6 p\u00e1rr. 1 lit. a GDPR) si \u00e9ste ha sido solicitado; el consentimiento puede ser revocado en cualquier momento.   <\/p>\n\n\n\n<div style=\"height:10px\" aria-hidden=\"true\" class=\"wp-block-spacer\"><\/div>\n\n\n\n<p>Los datos que nos env\u00edes a trav\u00e9s de solicitudes de contacto permanecer\u00e1n con nosotros hasta que nos pidas que los eliminemos, revoquemos tu consentimiento para el almacenamiento o deje de aplicarse el prop\u00f3sito para el almacenamiento de datos (por ejemplo, despu\u00e9s de que se haya procesado tu solicitud). Las disposiciones legales obligatorias -en particular los periodos de conservaci\u00f3n legales- no se ver\u00e1n afectadas. <\/p>\n\n\n\n<div style=\"height:80px\" aria-hidden=\"true\" class=\"wp-block-spacer\"><\/div>\n\n\n\n<h2 class=\"wp-block-heading\">5. herramientas de an\u00e1lisis y publicidad<\/h2>\n\n\n\n<div style=\"height:20px\" aria-hidden=\"true\" class=\"wp-block-spacer\"><\/div>\n\n\n\n<h3 class=\"wp-block-heading\">Matomo Analytics<\/h3>\n\n\n\n<div style=\"height:20px\" aria-hidden=\"true\" class=\"wp-block-spacer\"><\/div>\n\n\n\n<p>En este sitio web utilizamos el servicio de an\u00e1lisis web Matomo. Con su ayuda, podemos registrar y analizar c\u00f3mo utilizan los visitantes nuestro sitio web. Podemos ver a qu\u00e9 p\u00e1ginas han accedido, de qu\u00e9 regi\u00f3n proceden nuestros visitantes, desde qu\u00e9 sitio web llegaron a nosotros (URL de referencia), qu\u00e9 dispositivos finales y navegadores utilizan y qu\u00e9 acciones realizan (por ejemplo, hacer compras, hacer clic en entradas y enlaces). Utilizamos la anonimizaci\u00f3n de IP para el an\u00e1lisis con Matomo. Esto significa que tu direcci\u00f3n IP se acorta antes de ser analizada, de modo que ya no se te pueda asignar claramente.    <\/p>\n\n\n\n<div style=\"height:10px\" aria-hidden=\"true\" class=\"wp-block-spacer\"><\/div>\n\n\n\n<div style=\"height:10px\" aria-hidden=\"true\" class=\"wp-block-spacer\"><\/div>\n\n\n\n<p>El uso se basa en el Art. 6 p\u00e1rr. 1 lit. f GDPR, ya que tenemos un inter\u00e9s leg\u00edtimo en el comportamiento de uso de nuestros visitantes con el fin de optimizar nuestro sitio web y nuestras ofertas publicitarias. Si y en la medida en que se haya solicitado el consentimiento para el almacenamiento de informaci\u00f3n en tu dispositivo final o el acceso a la informaci\u00f3n que ya est\u00e1 almacenada en \u00e9l, el uso se basa en el Art. 6 p\u00e1rr. 1 lit a GDPR y en el \u00a7 25 p\u00e1rr. 1 TTDSG. El consentimiento puede revocarse en cualquier momento a trav\u00e9s del consentimiento de cookies.      <\/p>\n\n\n\n<div style=\"height:20px\" aria-hidden=\"true\" class=\"wp-block-spacer\"><\/div>\n\n\n\n<h4 class=\"wp-block-heading\">Anonimizaci\u00f3n IP<\/h4>\n\n\n\n<p>Hemos activado la funci\u00f3n de anonimizaci\u00f3n de IP en este sitio web. Esto significa que tu direcci\u00f3n IP se trunca. Matomo utilizar\u00e1 esta informaci\u00f3n en nombre del operador de este sitio web para analizar tu uso del sitio web, elaborar informes sobre la actividad del sitio web y prestar al operador del sitio web otros servicios relacionados con la actividad del sitio web y el uso de Internet.  <\/p>\n\n\n\n<div style=\"height:20px\" aria-hidden=\"true\" class=\"wp-block-spacer\"><\/div>\n\n\n\n<p><br\/><br\/><br\/><br\/>A<strong>lojamiento<\/strong> Alojamos Matomo con el siguiente proveedor externo: UNIT08 GmbH Poststra\u00dfe 12 75172 Pforzheim<\/p>\n\n\n\n<div style=\"height:20px\" aria-hidden=\"true\" class=\"wp-block-spacer\"><\/div>\n\n\n\n<p><br\/>P<strong>rocesamiento<\/strong> de pedidos Hemos firmado un contrato de procesamiento de pedidos con nuestro proveedor de alojamiento para el uso de Matomo. Esto garantiza que el host procesa los datos personales de los visitantes de nuestro sitio web s\u00f3lo de acuerdo con nuestras instrucciones y de conformidad con el GDPR. <\/p>\n\n\n\n<div style=\"height:80px\" aria-hidden=\"true\" class=\"wp-block-spacer\"><\/div>\n\n\n\n<h2 class=\"wp-block-heading\">6. plugins y herramientas<\/h2>\n\n\n\n<div style=\"height:20px\" aria-hidden=\"true\" class=\"wp-block-spacer\"><\/div>\n\n\n\n<h3 class=\"wp-block-heading\">Google Maps<\/h3>\n\n\n\n<div style=\"height:20px\" aria-hidden=\"true\" class=\"wp-block-spacer\"><\/div>\n\n\n\n<p>Este sitio utiliza el servicio de mapas Google Maps. El proveedor es Google Ireland Limited (\u00abGoogle\u00bb), Gordon House, Barrow Street, Dubl\u00edn 4, Irlanda.  Para utilizar las funciones de Google Maps, es necesario guardar tu direcci\u00f3n IP. Por lo general, esta informaci\u00f3n se transmite a un servidor de Google en EE.UU. y se almacena all\u00ed. El proveedor de este sitio no tiene ninguna influencia en esta transferencia de datos. Si Google Maps est\u00e1 activado, Google puede utilizar Google Fonts con el fin de estandarizar la visualizaci\u00f3n de las fuentes. Cuando accedes a Google Maps, tu navegador carga las fuentes web necesarias en la cach\u00e9 de tu navegador para mostrar los textos y las fuentes correctamente.    <\/p>\n\n\n\n<div style=\"height:10px\" aria-hidden=\"true\" class=\"wp-block-spacer\"><\/div>\n\n\n\n<p>El uso de Google Maps se hace en inter\u00e9s de una presentaci\u00f3n atractiva de nuestras ofertas en l\u00ednea y para facilitar la localizaci\u00f3n de los lugares que indicamos en el sitio web. Esto constituye un inter\u00e9s leg\u00edtimo en el sentido del Art. 6 p\u00e1rr. 1 lit. f GDPR. Si se ha solicitado el correspondiente consentimiento, el tratamiento se lleva a cabo exclusivamente sobre la base del Art. 6 p\u00e1rr. 1 lit. a GDPR y \u00a7 25 p\u00e1rr. 1 TTDSG, en la medida en que el consentimiento incluya el almacenamiento de cookies o el acceso a informaci\u00f3n en el dispositivo final del usuario (por ejemplo, huella digital del dispositivo) en el sentido de la TTDSG. El consentimiento puede revocarse en cualquier momento.<\/p>\n\n\n\n<div style=\"height:10px\" aria-hidden=\"true\" class=\"wp-block-spacer\"><\/div>\n\n\n\n<p>La transferencia de datos a EE.UU. se basa en las cl\u00e1usulas contractuales tipo de la Comisi\u00f3n de la UE. Puedes encontrar m\u00e1s detalles aqu\u00ed: <a href=\"\" target=\"\" rel=\"\">https:\/\/privacy.google.com\/businesses\/gdprcontrollerterms\/ y<\/a> https:\/\/privacy <a href=\"\" target=\"\" rel=\"\">.google.com\/businesses\/gdprcontrollerterms\/sccs\/.<\/a> <\/p>\n\n\n\n<p>Puedes encontrar m\u00e1s informaci\u00f3n sobre el tratamiento de los datos de los usuarios en la pol\u00edtica de privacidad de Google: <a href=\"https:\/\/policies.google.com\/privacy?hl=de\" target=\"_blank\" rel=\"noreferrer noopener\">https:\/\/policies.google.com\/privacy?hl=de.<\/a><\/p>\n\n\n\n<div style=\"height:40px\" aria-hidden=\"true\" class=\"wp-block-spacer\"><\/div>\n\n\n\n<h3 class=\"wp-block-heading\">hCaptcha<\/h3>\n\n\n\n<div style=\"height:20px\" aria-hidden=\"true\" class=\"wp-block-spacer\"><\/div>\n\n\n\n<p>En este sitio web utilizamos hCaptcha (en lo sucesivo, \u00abhCaptcha\u00bb). El proveedor es Intuition Machines, Inc, 2211 Selig Drive, Los Angeles, CA 90026, EE.UU. (en lo sucesivo, \u00abIMI\u00bb). La finalidad de hCaptcha es comprobar si los datos introducidos en este sitio web (por ejemplo, en un formulario de contacto) han sido realizados por un ser humano o por un programa automatizado. Para ello, hCaptcha analiza el comportamiento del visitante del sitio web en funci\u00f3n de diversas caracter\u00edsticas.<\/p>\n\n\n\n<div style=\"height:10px\" aria-hidden=\"true\" class=\"wp-block-spacer\"><\/div>\n\n\n\n<p>Este an\u00e1lisis comienza autom\u00e1ticamente en cuanto el visitante del sitio web entra en un sitio web con hCaptcha activado. Para analizarlo, hCaptcha eval\u00faa diversos datos (por ejemplo, la direcci\u00f3n IP, el tiempo que el visitante del sitio web pasa en \u00e9l o los movimientos del rat\u00f3n realizados por el usuario). Los datos recogidos durante el an\u00e1lisis se env\u00edan a IMI. Si hCaptcha se utiliza en \u00abmodo invisible\u00bb, los an\u00e1lisis se ejecutan completamente en segundo plano. Los visitantes del sitio web no son informados de que se est\u00e1 realizando un an\u00e1lisis.    <\/p>\n\n\n\n<div style=\"height:10px\" aria-hidden=\"true\" class=\"wp-block-spacer\"><\/div>\n\n\n\n<p>Los datos se almacenan y analizan sobre la base del Art. 6 p\u00e1rr. 1 lit. f GDPR. El operador del sitio web tiene un inter\u00e9s leg\u00edtimo en proteger su sitio web del espionaje automatizado abusivo y del SPAM. Si se ha solicitado el correspondiente consentimiento, el tratamiento se lleva a cabo exclusivamente sobre la base del Art. 6 p\u00e1rr. 1 lit. a GDPR y \u00a7 25 p\u00e1rr. 1 TTDSG, en la medida en que el consentimiento incluya el almacenamiento de cookies o el acceso a informaci\u00f3n en el dispositivo terminal del usuario (por ejemplo, huella digital del dispositivo) en el sentido de la TTDSG. El consentimiento puede revocarse en cualquier momento. El procesamiento de datos se basa en las cl\u00e1usulas contractuales est\u00e1ndar contenidas en el ap\u00e9ndice de procesamiento de datos de las Condiciones Generales de IMI o en los contratos de procesamiento de datos. Puedes encontrar m\u00e1s informaci\u00f3n sobre hCaptcha en la pol\u00edtica de privacidad y las condiciones de uso en los siguientes enlaces: <a href=\"https:\/\/www.hcaptcha.com\/privacy\" target=\"_blank\" rel=\"noreferrer noopener\">https:\/\/www.hcaptcha.com\/privacy<\/a> y <a href=\"https:\/\/hcaptcha.com\/terms\" target=\"_blank\" rel=\"noreferrer noopener\">https:\/\/hcaptcha.com\/terms.<\/a>          <\/p>\n\n\n\n<div style=\"height:40px\" aria-hidden=\"true\" class=\"wp-block-spacer\"><\/div>\n\n\n\n<h3 class=\"wp-block-heading\">Seguridad iThemes<\/h3>\n\n\n\n<div style=\"height:20px\" aria-hidden=\"true\" class=\"wp-block-spacer\"><\/div>\n\n\n\n<p>Hemos integrado iThemes Security en este sitio web. El proveedor es iThemes Media LLC, 1720 South Kelly Avenue Edmond, OK 73013, EE.UU. (en adelante \u00abiThemes Security\u00bb). <\/p>\n\n\n\n<div style=\"height:10px\" aria-hidden=\"true\" class=\"wp-block-spacer\"><\/div>\n\n\n\n<p>iThemes Security se utiliza para proteger nuestro sitio web de accesos no deseados o ciberataques malintencionados. Para ello, iThemes Security registra, entre otras cosas, tu direcci\u00f3n IP, la hora y el origen de los intentos de acceso y los datos de registro (por ejemplo, el navegador utilizado). iThemes Security se instala localmente en nuestros servidores.  <\/p>\n\n\n\n<div style=\"height:10px\" aria-hidden=\"true\" class=\"wp-block-spacer\"><\/div>\n\n\n\n<p>iThemes Security transmite las direcciones IP de los atacantes recurrentes a una base de datos central de iThemes en EE.UU. (Network Brute Force Protection) para evitar este tipo de ataques en el futuro.<\/p>\n\n\n\n<div style=\"height:10px\" aria-hidden=\"true\" class=\"wp-block-spacer\"><\/div>\n\n\n\n<p>El uso de iThemes Security se basa en el Art. 6 p\u00e1rr. 1 lit. f GDPR. El operador del sitio web tiene un inter\u00e9s leg\u00edtimo en proteger su sitio web de la forma m\u00e1s eficaz posible contra los ciberataques. Si se ha solicitado el correspondiente consentimiento, el tratamiento se lleva a cabo exclusivamente sobre la base del Art. 6 p\u00e1rr. 1 lit. a GDPR y \u00a7 25 p\u00e1rr. 1 TTDSG, en la medida en que el consentimiento incluya el almacenamiento de cookies o el acceso a informaci\u00f3n en el dispositivo final del usuario (por ejemplo, huella digital del dispositivo) en el sentido de la TTDSG. El consentimiento puede revocarse en cualquier momento.<\/p>\n\n\n\n<div style=\"height:80px\" aria-hidden=\"true\" class=\"wp-block-spacer\"><\/div>\n\n\n\n<h2 class=\"wp-block-heading\">7. Comercio electr\u00f3nico y proveedores de pago<\/h2>\n\n\n\n<div style=\"height:20px\" aria-hidden=\"true\" class=\"wp-block-spacer\"><\/div>\n\n\n\n<h3 class=\"wp-block-heading\">Tratamiento de datos de clientes y contratos<\/h3>\n\n\n\n<div style=\"height:20px\" aria-hidden=\"true\" class=\"wp-block-spacer\"><\/div>\n\n\n\n<p>Recogemos, procesamos y utilizamos datos personales de clientes y contratos para establecer, organizar el contenido y modificar nuestras relaciones contractuales. Recogemos, procesamos y utilizamos datos personales sobre el uso de este sitio web (datos de uso) s\u00f3lo en la medida en que sea necesario para que el usuario pueda utilizar el servicio o para facturarle. La base jur\u00eddica para ello es el Art. 6 p\u00e1rrafo 1 lit. b GDPR.    <\/p>\n\n\n\n<p>Los datos del cliente recopilados se eliminar\u00e1n tras la finalizaci\u00f3n del pedido o la terminaci\u00f3n de la relaci\u00f3n comercial y la expiraci\u00f3n de cualquier per\u00edodo de retenci\u00f3n legal existente. Los periodos de conservaci\u00f3n legales no se ver\u00e1n afectados. <\/p>\n\n\n\n<div style=\"height:80px\" aria-hidden=\"true\" class=\"wp-block-spacer\"><\/div>\n\n\n\n<h2 class=\"wp-block-heading\">8. audio y videoconferencia<\/h2>\n\n\n\n<div style=\"height:20px\" aria-hidden=\"true\" class=\"wp-block-spacer\"><\/div>\n\n\n\n<h4 class=\"wp-block-heading\">Tratamiento de datos<\/h4>\n\n\n\n<p>Utilizamos herramientas de conferencia en l\u00ednea, entre otras, para comunicarnos con nuestros clientes. Las herramientas individuales que utilizamos se enumeran a continuaci\u00f3n. Si te comunicas con nosotros por videoconferencia o audioconferencia a trav\u00e9s de Internet, tus datos personales ser\u00e1n recogidos y procesados por nosotros y el proveedor de la respectiva herramienta de conferencia.  <\/p>\n\n\n\n<p>Las herramientas de la conferencia recogen todos los datos que proporcionas\/introduces para utilizar las herramientas (direcci\u00f3n de correo electr\u00f3nico y\/o tu n\u00famero de tel\u00e9fono). Las herramientas de conferencia tambi\u00e9n procesan la duraci\u00f3n de la conferencia, el inicio y el final (hora) de la participaci\u00f3n en la conferencia, el n\u00famero de participantes y otra \u00abinformaci\u00f3n contextual\u00bb en relaci\u00f3n con el proceso de comunicaci\u00f3n (metadatos). <\/p>\n\n\n\n<div style=\"height:10px\" aria-hidden=\"true\" class=\"wp-block-spacer\"><\/div>\n\n\n\n<p>Adem\u00e1s, el proveedor de la herramienta procesa todos los datos t\u00e9cnicos necesarios para procesar la comunicaci\u00f3n online. Esto incluye, en particular, direcciones IP, direcciones MAC, ID del dispositivo, tipo de dispositivo, tipo y versi\u00f3n del sistema operativo, versi\u00f3n del cliente, tipo de c\u00e1mara, micr\u00f3fono o altavoz y el tipo de conexi\u00f3n. <\/p>\n\n\n\n<div style=\"height:10px\" aria-hidden=\"true\" class=\"wp-block-spacer\"><\/div>\n\n\n\n<p>Si se intercambia contenido, se carga o se proporciona de cualquier otra forma dentro de la herramienta, tambi\u00e9n se almacena en los servidores del proveedor de la herramienta. Dicho contenido incluye, en particular, grabaciones en la nube, chat\/mensajes instant\u00e1neos, mensajes de voz, fotos y v\u00eddeos subidos, archivos, pizarras y otra informaci\u00f3n que se comparta mientras se utiliza el servicio. <\/p>\n\n\n\n<div style=\"height:10px\" aria-hidden=\"true\" class=\"wp-block-spacer\"><\/div>\n\n\n\n<p>Ten en cuenta que no tenemos pleno control sobre las operaciones de procesamiento de datos de las herramientas utilizadas. Nuestras opciones vienen determinadas en gran medida por la pol\u00edtica empresarial del proveedor correspondiente. Puedes encontrar m\u00e1s informaci\u00f3n sobre el tratamiento de datos por parte de las herramientas de conferencia en las declaraciones de protecci\u00f3n de datos de las herramientas utilizadas, que hemos enumerado a continuaci\u00f3n de este texto.  <\/p>\n\n\n\n<div style=\"height:20px\" aria-hidden=\"true\" class=\"wp-block-spacer\"><\/div>\n\n\n\n<h4 class=\"wp-block-heading\">Finalidad y base jur\u00eddica<\/h4>\n\n\n\n<p>Las herramientas de conferencia se utilizan para comunicarse con socios contractuales potenciales o existentes o para ofrecer determinados servicios a nuestros clientes (Art. 6 p\u00e1rr. 1 lit. b GDPR). Adem\u00e1s, el uso de las herramientas sirve para la simplificaci\u00f3n y aceleraci\u00f3n generales de la comunicaci\u00f3n con nosotros o con nuestra empresa (inter\u00e9s leg\u00edtimo en el sentido del Art. 6 p\u00e1rr. 1 lit. f GDPR). Si se ha solicitado el consentimiento, las herramientas en cuesti\u00f3n se utilizan sobre la base de este consentimiento; el consentimiento puede retirarse en cualquier momento con efecto para el futuro.  <\/p>\n\n\n\n<div style=\"height:20px\" aria-hidden=\"true\" class=\"wp-block-spacer\"><\/div>\n\n\n\n<h4 class=\"wp-block-heading\">Duraci\u00f3n del almacenamiento<\/h4>\n\n\n\n<p>Los datos recogidos directamente por nosotros a trav\u00e9s de las herramientas de v\u00eddeo y conferencia se eliminar\u00e1n de nuestros sistemas tan pronto como nos pidas que los eliminemos, revoques tu consentimiento para el almacenamiento o deje de aplicarse la finalidad del almacenamiento de datos. Las cookies almacenadas permanecen en tu dispositivo final hasta que las elimines. Los periodos de conservaci\u00f3n obligatorios por ley no se ver\u00e1n afectados.  <\/p>\n\n\n\n<div style=\"height:10px\" aria-hidden=\"true\" class=\"wp-block-spacer\"><\/div>\n\n\n\n<p>No tenemos influencia sobre el periodo de almacenamiento de tus datos, que son almacenados por los operadores de las herramientas de conferencia para sus propios fines. Para m\u00e1s detalles, ponte en contacto directamente con los operadores de las herramientas de conferencia. <\/p>\n\n\n\n<div style=\"height:20px\" aria-hidden=\"true\" class=\"wp-block-spacer\"><\/div>\n\n\n\n<h4 class=\"wp-block-heading\">Herramientas de conferencia utilizadas<\/h4>\n\n\n\n<p>Utilizamos las siguientes herramientas de conferencia:Microsoft Teams. Utilizamos Microsoft Teams. El proveedor es Microsoft Ireland Operations Limited, One Microsoft Place, South County Business Park, Leopardstown, Dubl\u00edn 18, Irlanda. Puedes encontrar informaci\u00f3n detallada sobre el tratamiento de datos en la pol\u00edtica de privacidad de Microsoft Teams: <a href=\"\" target=\"\" rel=\"\">https:\/\/privacy.microsoft.com\/de-de\/privacystatement.<\/a>   <\/p>\n\n\n\n<div style=\"height:20px\" aria-hidden=\"true\" class=\"wp-block-spacer\"><\/div>\n\n\n\n<h4 class=\"wp-block-heading\">Tramitaci\u00f3n de pedidos<\/h4>\n\n\n\n<p>Hemos concluido un acuerdo de procesamiento de datos (APD) para el uso del servicio mencionado. Se trata de un contrato prescrito por la ley de protecci\u00f3n de datos, que garantiza que procesa los datos personales de los visitantes de nuestro sitio web s\u00f3lo de acuerdo con nuestras instrucciones y de conformidad con el GDPR. <\/p>\n\n\n\n<div style=\"height:100px\" aria-hidden=\"true\" class=\"wp-block-spacer\"><\/div>\n<\/div>\n","protected":false},"excerpt":{"rendered":"<p>Pol\u00edtica de privacidad 1. la protecci\u00f3n de datos de un vistazo Informaci\u00f3n general La siguiente informaci\u00f3n proporciona una visi\u00f3n sencilla de lo que ocurre con tus datos personales cuando visitas este sitio web. Por datos personales se entiende cualquier dato que pueda utilizarse para identificarte personalmente. Puedes encontrar informaci\u00f3n detallada sobre el tema de la [&hellip;]<\/p>\n","protected":false},"author":1,"featured_media":0,"parent":0,"menu_order":0,"comment_status":"closed","ping_status":"closed","template":"page-no-title","meta":{"_acf_changed":false,"_eb_attr":"","_eb_data_table":"","footnotes":""},"class_list":["post-6602","page","type-page","status-publish","hentry"],"acf":[],"yoast_head":"<!-- This site is optimized with the Yoast SEO plugin v27.2 - https:\/\/yoast.com\/product\/yoast-seo-wordpress\/ -->\n<title>bfc \u2013 the innovative cut | Pol\u00edtica de privacidad<\/title>\n<meta name=\"description\" content=\"Descubre c\u00f3mo bfc protege tus datos personales de acuerdo con el GDPR. Informaci\u00f3n sobre recogida de datos, derechos y medidas de protecci\u00f3n en nuestro sitio web.\" \/>\n<meta name=\"robots\" content=\"index, follow, max-snippet:-1, max-image-preview:large, max-video-preview:-1\" \/>\n<link rel=\"canonical\" href=\"https:\/\/bfc-profile.com\/es\/proteccion-de-datos\/\" \/>\n<meta property=\"og:locale\" content=\"es_ES\" \/>\n<meta property=\"og:type\" content=\"article\" \/>\n<meta property=\"og:title\" content=\"bfc \u2013 the innovative cut | Pol\u00edtica de privacidad\" \/>\n<meta property=\"og:description\" content=\"Descubre c\u00f3mo bfc protege tus datos personales de acuerdo con el GDPR. Informaci\u00f3n sobre recogida de datos, derechos y medidas de protecci\u00f3n en nuestro sitio web.\" \/>\n<meta property=\"og:url\" content=\"https:\/\/bfc-profile.com\/es\/proteccion-de-datos\/\" \/>\n<meta property=\"og:site_name\" content=\"bfc \u2013 the innovative cut\" \/>\n<meta property=\"article:modified_time\" content=\"2024-11-27T13:26:26+00:00\" \/>\n<meta name=\"twitter:card\" content=\"summary_large_image\" \/>\n<meta name=\"twitter:label1\" content=\"Tiempo de lectura\" \/>\n\t<meta name=\"twitter:data1\" content=\"28 minutos\" \/>\n<script type=\"application\/ld+json\" class=\"yoast-schema-graph\">{\"@context\":\"https:\/\/schema.org\",\"@graph\":[{\"@type\":\"WebPage\",\"@id\":\"https:\/\/bfc-profile.com\/es\/proteccion-de-datos\/\",\"url\":\"https:\/\/bfc-profile.com\/es\/proteccion-de-datos\/\",\"name\":\"bfc \u2013 the innovative cut | Pol\u00edtica de privacidad\",\"isPartOf\":{\"@id\":\"https:\/\/bfc-profile.com\/es\/#website\"},\"datePublished\":\"2024-10-10T09:24:07+00:00\",\"dateModified\":\"2024-11-27T13:26:26+00:00\",\"description\":\"Descubre c\u00f3mo bfc protege tus datos personales de acuerdo con el GDPR. Informaci\u00f3n sobre recogida de datos, derechos y medidas de protecci\u00f3n en nuestro sitio web.\",\"breadcrumb\":{\"@id\":\"https:\/\/bfc-profile.com\/es\/proteccion-de-datos\/#breadcrumb\"},\"inLanguage\":\"es\",\"potentialAction\":[{\"@type\":\"ReadAction\",\"target\":[\"https:\/\/bfc-profile.com\/es\/proteccion-de-datos\/\"]}]},{\"@type\":\"BreadcrumbList\",\"@id\":\"https:\/\/bfc-profile.com\/es\/proteccion-de-datos\/#breadcrumb\",\"itemListElement\":[{\"@type\":\"ListItem\",\"position\":1,\"name\":\"Startseite\",\"item\":\"https:\/\/bfc-profile.com\/es\/\"},{\"@type\":\"ListItem\",\"position\":2,\"name\":\"Protecci\u00f3n de datos\"}]},{\"@type\":\"WebSite\",\"@id\":\"https:\/\/bfc-profile.com\/es\/#website\",\"url\":\"https:\/\/bfc-profile.com\/es\/\",\"name\":\"bfc \u2013 the innovative cut\",\"description\":\"Innovative Klemmprofile mit nachhaltigen L\u00f6sungen\",\"publisher\":{\"@id\":\"https:\/\/bfc-profile.com\/es\/#organization\"},\"potentialAction\":[{\"@type\":\"SearchAction\",\"target\":{\"@type\":\"EntryPoint\",\"urlTemplate\":\"https:\/\/bfc-profile.com\/es\/?s={search_term_string}\"},\"query-input\":{\"@type\":\"PropertyValueSpecification\",\"valueRequired\":true,\"valueName\":\"search_term_string\"}}],\"inLanguage\":\"es\"},{\"@type\":\"Organization\",\"@id\":\"https:\/\/bfc-profile.com\/es\/#organization\",\"name\":\"bfc \u2013 the innovative cut\",\"url\":\"https:\/\/bfc-profile.com\/es\/\",\"logo\":{\"@type\":\"ImageObject\",\"inLanguage\":\"es\",\"@id\":\"https:\/\/bfc-profile.com\/es\/#\/schema\/logo\/image\/\",\"url\":\"https:\/\/bfc-profile.com\/wp-content\/uploads\/2024\/10\/Gruppe-2.svg\",\"contentUrl\":\"https:\/\/bfc-profile.com\/wp-content\/uploads\/2024\/10\/Gruppe-2.svg\",\"caption\":\"bfc \u2013 the innovative cut\"},\"image\":{\"@id\":\"https:\/\/bfc-profile.com\/es\/#\/schema\/logo\/image\/\"}}]}<\/script>\n<!-- \/ Yoast SEO plugin. -->","yoast_head_json":{"title":"bfc \u2013 the innovative cut | Pol\u00edtica de privacidad","description":"Descubre c\u00f3mo bfc protege tus datos personales de acuerdo con el GDPR. Informaci\u00f3n sobre recogida de datos, derechos y medidas de protecci\u00f3n en nuestro sitio web.","robots":{"index":"index","follow":"follow","max-snippet":"max-snippet:-1","max-image-preview":"max-image-preview:large","max-video-preview":"max-video-preview:-1"},"canonical":"https:\/\/bfc-profile.com\/es\/proteccion-de-datos\/","og_locale":"es_ES","og_type":"article","og_title":"bfc \u2013 the innovative cut | Pol\u00edtica de privacidad","og_description":"Descubre c\u00f3mo bfc protege tus datos personales de acuerdo con el GDPR. Informaci\u00f3n sobre recogida de datos, derechos y medidas de protecci\u00f3n en nuestro sitio web.","og_url":"https:\/\/bfc-profile.com\/es\/proteccion-de-datos\/","og_site_name":"bfc \u2013 the innovative cut","article_modified_time":"2024-11-27T13:26:26+00:00","twitter_card":"summary_large_image","twitter_misc":{"Tiempo de lectura":"28 minutos"},"schema":{"@context":"https:\/\/schema.org","@graph":[{"@type":"WebPage","@id":"https:\/\/bfc-profile.com\/es\/proteccion-de-datos\/","url":"https:\/\/bfc-profile.com\/es\/proteccion-de-datos\/","name":"bfc \u2013 the innovative cut | Pol\u00edtica de privacidad","isPartOf":{"@id":"https:\/\/bfc-profile.com\/es\/#website"},"datePublished":"2024-10-10T09:24:07+00:00","dateModified":"2024-11-27T13:26:26+00:00","description":"Descubre c\u00f3mo bfc protege tus datos personales de acuerdo con el GDPR. Informaci\u00f3n sobre recogida de datos, derechos y medidas de protecci\u00f3n en nuestro sitio web.","breadcrumb":{"@id":"https:\/\/bfc-profile.com\/es\/proteccion-de-datos\/#breadcrumb"},"inLanguage":"es","potentialAction":[{"@type":"ReadAction","target":["https:\/\/bfc-profile.com\/es\/proteccion-de-datos\/"]}]},{"@type":"BreadcrumbList","@id":"https:\/\/bfc-profile.com\/es\/proteccion-de-datos\/#breadcrumb","itemListElement":[{"@type":"ListItem","position":1,"name":"Startseite","item":"https:\/\/bfc-profile.com\/es\/"},{"@type":"ListItem","position":2,"name":"Protecci\u00f3n de datos"}]},{"@type":"WebSite","@id":"https:\/\/bfc-profile.com\/es\/#website","url":"https:\/\/bfc-profile.com\/es\/","name":"bfc \u2013 the innovative cut","description":"Innovative Klemmprofile mit nachhaltigen L\u00f6sungen","publisher":{"@id":"https:\/\/bfc-profile.com\/es\/#organization"},"potentialAction":[{"@type":"SearchAction","target":{"@type":"EntryPoint","urlTemplate":"https:\/\/bfc-profile.com\/es\/?s={search_term_string}"},"query-input":{"@type":"PropertyValueSpecification","valueRequired":true,"valueName":"search_term_string"}}],"inLanguage":"es"},{"@type":"Organization","@id":"https:\/\/bfc-profile.com\/es\/#organization","name":"bfc \u2013 the innovative cut","url":"https:\/\/bfc-profile.com\/es\/","logo":{"@type":"ImageObject","inLanguage":"es","@id":"https:\/\/bfc-profile.com\/es\/#\/schema\/logo\/image\/","url":"https:\/\/bfc-profile.com\/wp-content\/uploads\/2024\/10\/Gruppe-2.svg","contentUrl":"https:\/\/bfc-profile.com\/wp-content\/uploads\/2024\/10\/Gruppe-2.svg","caption":"bfc \u2013 the innovative cut"},"image":{"@id":"https:\/\/bfc-profile.com\/es\/#\/schema\/logo\/image\/"}}]}},"_links":{"self":[{"href":"https:\/\/bfc-profile.com\/es\/wp-json\/wp\/v2\/pages\/6602","targetHints":{"allow":["GET"]}}],"collection":[{"href":"https:\/\/bfc-profile.com\/es\/wp-json\/wp\/v2\/pages"}],"about":[{"href":"https:\/\/bfc-profile.com\/es\/wp-json\/wp\/v2\/types\/page"}],"author":[{"embeddable":true,"href":"https:\/\/bfc-profile.com\/es\/wp-json\/wp\/v2\/users\/1"}],"replies":[{"embeddable":true,"href":"https:\/\/bfc-profile.com\/es\/wp-json\/wp\/v2\/comments?post=6602"}],"version-history":[{"count":1,"href":"https:\/\/bfc-profile.com\/es\/wp-json\/wp\/v2\/pages\/6602\/revisions"}],"predecessor-version":[{"id":6603,"href":"https:\/\/bfc-profile.com\/es\/wp-json\/wp\/v2\/pages\/6602\/revisions\/6603"}],"wp:attachment":[{"href":"https:\/\/bfc-profile.com\/es\/wp-json\/wp\/v2\/media?parent=6602"}],"curies":[{"name":"wp","href":"https:\/\/api.w.org\/{rel}","templated":true}]}}