{"id":70,"date":"2024-10-17T13:16:14","date_gmt":"2024-10-17T11:16:14","guid":{"rendered":"https:\/\/bfc-profile.com\/?page_id=70"},"modified":"2026-03-20T09:58:27","modified_gmt":"2026-03-20T08:58:27","slug":"impressum","status":"publish","type":"page","link":"https:\/\/bfc-profile.com\/de\/impressum\/","title":{"rendered":"Impressum"},"content":{"rendered":"\n<div style=\"height:130px\" aria-hidden=\"true\" class=\"wp-block-spacer\"><\/div>\n\n\n\n<h1 class=\"wp-block-heading\">Impressum<\/h1>\n\n\n\n<div style=\"height:50px\" aria-hidden=\"true\" class=\"wp-block-spacer\"><\/div>\n\n\n\n<h2 class=\"wp-block-heading\">Angaben gem\u00e4\u00df \u00a7 5 TMG<\/h2>\n\n\n\n<p>BFC Fahrzeugteile GmbH<br>Industriestr. 17<br>74321 Bietigheim-Bissingen<\/p>\n\n\n\n<p>Handelsregister: HRB 735244<br>Registergericht: Amtsgericht Stuttgart<\/p>\n\n\n\n<p>Vertreten durch:<br>Gesch\u00e4ftsf\u00fchrer: Alexander Schmid (CEO), Timo Staiber (CTO)<\/p>\n\n\n\n<div style=\"height:40px\" aria-hidden=\"true\" class=\"wp-block-spacer\"><\/div>\n\n\n\n<h2 class=\"wp-block-heading\">Kontakt<\/h2>\n\n\n\n<p class=\"has-link-color wp-elements-274bedda4dcf73d213a4d0cc38e5e08f\">Telefon:&nbsp;<a href=\"tel:071427889090\">+49 71 42 | 78 89 09 \u2013 0<\/a><br>Telefax:&nbsp;<a href=\"tel:07142788909910\">+49 71 42 | 78 89 09 \u2013 910<\/a><br>E-Mail:&nbsp;<a href=\"mailto:info@bfc-profile.com\">info@bfc-profile.com<\/a><\/p>\n\n\n\n<div style=\"height:40px\" aria-hidden=\"true\" class=\"wp-block-spacer\"><\/div>\n\n\n\n<h2 class=\"wp-block-heading\">Umsatzsteuer-ID<\/h2>\n\n\n\n<p>Umsatzsteuer-Identifikationsnummer gem\u00e4\u00df \u00a7 27 a Umsatzsteuergesetz:<br>DE146127664<\/p>\n\n\n\n<div style=\"height:40px\" aria-hidden=\"true\" class=\"wp-block-spacer\"><\/div>\n\n\n\n<h2 class=\"wp-block-heading\">Redaktionell Verantwortlicher<\/h2>\n\n\n\n<p>BFC Fahrzeugteile GmbH<br>Industriestr. 17<br>74321 Bietigheim-Bissingen<\/p>\n\n\n\n<div style=\"height:40px\" aria-hidden=\"true\" class=\"wp-block-spacer\"><\/div>\n\n\n\n<h2 class=\"wp-block-heading\">EU-Streitschlichtung<\/h2>\n\n\n\n<p class=\"has-link-color wp-elements-1b9f87de9109b53fb13e4324d7f0ff93\">Die Europ\u00e4ische Kommission stellt eine Plattform zur Online-Streitbeilegung (OS) bereit:<br><a href=\"https:\/\/ec.europa.eu\/consumers\/odr\">https:\/\/ec.europa.eu\/consumers\/odr<\/a>.<br>Unsere E-Mail-Adresse finden Sie oben im Impressum.<\/p>\n\n\n\n<div style=\"height:40px\" aria-hidden=\"true\" class=\"wp-block-spacer\"><\/div>\n\n\n\n<h2 class=\"wp-block-heading\">Verbraucherstreitbeilegung\/<br>Universalschlichtungsstelle<\/h2>\n\n\n\n<p>Wir sind nicht bereit oder verpflichtet, an Streitbeilegungsverfahren vor einer<br>Verbraucherschlichtungsstelle teilzunehmen.<\/p>\n\n\n\n<div style=\"height:20px\" aria-hidden=\"true\" class=\"wp-block-spacer\"><\/div>\n\n\n\n<h3 class=\"wp-block-heading\">Haftung f\u00fcr Inhalte<\/h3>\n\n\n\n<p>Als Diensteanbieter sind wir gem\u00e4\u00df \u00a7 7 Abs.1 TMG f\u00fcr eigene Inhalte auf diesen Seiten nach den allgemeinen Gesetzen verantwortlich. Nach \u00a7\u00a7 8 bis 10 TMG sind wir als Diensteanbieter jedoch nicht verpflichtet, \u00fcbermittelte oder gespeicherte fremde Informationen zu \u00fcberwachen oder nach Umst\u00e4nden zu forschen, die auf eine rechtswidrige T\u00e4tigkeit hinweisen.<\/p>\n\n\n\n<p>Verpflichtungen zur Entfernung oder Sperrung der Nutzung von Informationen nach den allgemeinen Gesetzen bleiben hiervon unber\u00fchrt. Eine diesbez\u00fcgliche Haftung ist jedoch erst ab dem Zeitpunkt der Kenntnis einer konkreten Rechtsverletzung m\u00f6glich. Bei Bekanntwerden von entsprechenden Rechtsverletzungen werden wir diese Inhalte umgehend entfernen.<\/p>\n\n\n\n<div style=\"height:20px\" aria-hidden=\"true\" class=\"wp-block-spacer\"><\/div>\n\n\n\n<h3 class=\"wp-block-heading\">Haftung f\u00fcr Links<\/h3>\n\n\n\n<p>Unser Angebot enth\u00e4lt Links zu externen Websites Dritter, auf deren Inhalte wir keinen Einfluss haben. Deshalb k\u00f6nnen wir f\u00fcr diese fremden Inhalte auch keine Gew\u00e4hr \u00fcbernehmen. F\u00fcr die Inhalte der verlinkten Seiten ist stets der jeweilige Anbieter oder Betreiber der Seiten verantwortlich. Die verlinkten Seiten wurden zum Zeitpunkt der Verlinkung auf m\u00f6gliche Rechtsverst\u00f6\u00dfe \u00fcberpr\u00fcft. Rechtswidrige Inhalte waren zum Zeitpunkt der Verlinkung nicht erkennbar.<\/p>\n\n\n\n<p>Eine permanente inhaltliche Kontrolle der verlinkten Seiten ist jedoch ohne konkrete Anhaltspunkte einer Rechtsverletzung nicht zumutbar. Bei Bekanntwerden von Rechtsverletzungen werden wir derartige Links umgehend entfernen.<\/p>\n\n\n\n<div style=\"height:20px\" aria-hidden=\"true\" class=\"wp-block-spacer\"><\/div>\n\n\n\n<h3 class=\"wp-block-heading\">Urheberrecht<\/h3>\n\n\n\n<p>Die durch die Seitenbetreiber erstellten Inhalte und Werke auf diesen Seiten unterliegen dem deutschen Urheberrecht. Die Vervielf\u00e4ltigung, Bearbeitung, Verbreitung und jede Art der Verwertung au\u00dferhalb der Grenzen des Urheberrechtes bed\u00fcrfen der schriftlichen Zustimmung des jeweiligen Autors bzw. Erstellers. Downloads und Kopien dieser Seite sind nur f\u00fcr den privaten, nicht kommerziellen Gebrauch gestattet.<\/p>\n\n\n\n<p>Soweit die Inhalte auf dieser Seite nicht vom Betreiber erstellt wurden, werden die Urheberrechte Dritter beachtet. Insbesondere werden Inhalte Dritter als solche gekennzeichnet. Sollten Sie trotzdem auf eine Urheberrechtsverletzung aufmerksam werden, bitten wir um einen entsprechenden Hinweis. Bei Bekanntwerden von Rechtsverletzungen werden wir derartige Inhalte umgehend entfernen.<\/p>\n\n\n\n<div style=\"height:80px\" aria-hidden=\"true\" class=\"wp-block-spacer\"><\/div>\n","protected":false},"excerpt":{"rendered":"<p>Impressum Angaben gem\u00e4\u00df \u00a7 5 TMG BFC Fahrzeugteile GmbHIndustriestr. 1774321 Bietigheim-Bissingen Handelsregister: HRB 735244Registergericht: Amtsgericht Stuttgart Vertreten durch:Gesch\u00e4ftsf\u00fchrer: Alexander Schmid (CEO), Timo Staiber (CTO) Kontakt Telefon:&nbsp;+49 71 42 | 78 89 09 \u2013 0Telefax:&nbsp;+49 71 42 | 78 89 09 \u2013 910E-Mail:&nbsp;info@bfc-profile.com Umsatzsteuer-ID Umsatzsteuer-Identifikationsnummer gem\u00e4\u00df \u00a7 27 a Umsatzsteuergesetz:DE146127664 Redaktionell Verantwortlicher BFC Fahrzeugteile GmbHIndustriestr. 1774321 [&hellip;]<\/p>\n","protected":false},"author":1,"featured_media":0,"parent":0,"menu_order":0,"comment_status":"closed","ping_status":"closed","template":"page-no-title","meta":{"_acf_changed":false,"_eb_attr":"","_eb_data_table":"","footnotes":""},"class_list":["post-70","page","type-page","status-publish","hentry"],"acf":[],"yoast_head":"<!-- This site is optimized with the Yoast SEO plugin v27.2 - https:\/\/yoast.com\/product\/yoast-seo-wordpress\/ -->\n<title>bfc \u2013 the innovative cut | Impressum<\/title>\n<meta name=\"description\" content=\"Rechtliche Informationen zur bfc Fahrzeugteile GmbH: Anschrift, Kontakt, Handelsregister, Umsatzsteuer-ID und Haftungshinweise.\" \/>\n<meta name=\"robots\" content=\"index, follow, max-snippet:-1, max-image-preview:large, max-video-preview:-1\" \/>\n<link rel=\"canonical\" href=\"https:\/\/bfc-profile.com\/de\/impressum\/\" \/>\n<meta property=\"og:locale\" content=\"de_DE\" \/>\n<meta property=\"og:type\" content=\"article\" \/>\n<meta property=\"og:title\" content=\"bfc \u2013 the innovative cut | Impressum\" \/>\n<meta property=\"og:description\" content=\"Rechtliche Informationen zur bfc Fahrzeugteile GmbH: Anschrift, Kontakt, Handelsregister, Umsatzsteuer-ID und Haftungshinweise.\" \/>\n<meta property=\"og:url\" content=\"https:\/\/bfc-profile.com\/de\/impressum\/\" \/>\n<meta property=\"og:site_name\" content=\"bfc \u2013 the innovative cut\" \/>\n<meta property=\"article:modified_time\" content=\"2026-03-20T08:58:27+00:00\" \/>\n<meta name=\"twitter:card\" content=\"summary_large_image\" \/>\n<meta name=\"twitter:label1\" content=\"Gesch\u00e4tzte Lesezeit\" \/>\n\t<meta name=\"twitter:data1\" content=\"3\u00a0Minuten\" \/>\n<script type=\"application\/ld+json\" class=\"yoast-schema-graph\">{\"@context\":\"https:\/\/schema.org\",\"@graph\":[{\"@type\":\"WebPage\",\"@id\":\"https:\/\/bfc-profile.com\/de\/impressum\/\",\"url\":\"https:\/\/bfc-profile.com\/de\/impressum\/\",\"name\":\"bfc \u2013 the innovative cut | Impressum\",\"isPartOf\":{\"@id\":\"https:\/\/bfc-profile.com\/de\/#website\"},\"datePublished\":\"2024-10-17T11:16:14+00:00\",\"dateModified\":\"2026-03-20T08:58:27+00:00\",\"description\":\"Rechtliche Informationen zur bfc Fahrzeugteile GmbH: Anschrift, Kontakt, Handelsregister, Umsatzsteuer-ID und Haftungshinweise.\",\"breadcrumb\":{\"@id\":\"https:\/\/bfc-profile.com\/de\/impressum\/#breadcrumb\"},\"inLanguage\":\"de\",\"potentialAction\":[{\"@type\":\"ReadAction\",\"target\":[\"https:\/\/bfc-profile.com\/de\/impressum\/\"]}]},{\"@type\":\"BreadcrumbList\",\"@id\":\"https:\/\/bfc-profile.com\/de\/impressum\/#breadcrumb\",\"itemListElement\":[{\"@type\":\"ListItem\",\"position\":1,\"name\":\"Startseite\",\"item\":\"https:\/\/bfc-profile.com\/de\/\"},{\"@type\":\"ListItem\",\"position\":2,\"name\":\"Impressum\"}]},{\"@type\":\"WebSite\",\"@id\":\"https:\/\/bfc-profile.com\/de\/#website\",\"url\":\"https:\/\/bfc-profile.com\/de\/\",\"name\":\"bfc \u2013 the innovative cut\",\"description\":\"Innovative Klemmprofile mit nachhaltigen L\u00f6sungen\",\"publisher\":{\"@id\":\"https:\/\/bfc-profile.com\/de\/#organization\"},\"potentialAction\":[{\"@type\":\"SearchAction\",\"target\":{\"@type\":\"EntryPoint\",\"urlTemplate\":\"https:\/\/bfc-profile.com\/de\/?s={search_term_string}\"},\"query-input\":{\"@type\":\"PropertyValueSpecification\",\"valueRequired\":true,\"valueName\":\"search_term_string\"}}],\"inLanguage\":\"de\"},{\"@type\":\"Organization\",\"@id\":\"https:\/\/bfc-profile.com\/de\/#organization\",\"name\":\"bfc \u2013 the innovative cut\",\"url\":\"https:\/\/bfc-profile.com\/de\/\",\"logo\":{\"@type\":\"ImageObject\",\"inLanguage\":\"de\",\"@id\":\"https:\/\/bfc-profile.com\/de\/#\/schema\/logo\/image\/\",\"url\":\"https:\/\/bfc-profile.com\/wp-content\/uploads\/2024\/10\/Gruppe-2.svg\",\"contentUrl\":\"https:\/\/bfc-profile.com\/wp-content\/uploads\/2024\/10\/Gruppe-2.svg\",\"caption\":\"bfc \u2013 the innovative cut\"},\"image\":{\"@id\":\"https:\/\/bfc-profile.com\/de\/#\/schema\/logo\/image\/\"}}]}<\/script>\n<!-- \/ Yoast SEO plugin. -->","yoast_head_json":{"title":"bfc \u2013 the innovative cut | Impressum","description":"Rechtliche Informationen zur bfc Fahrzeugteile GmbH: Anschrift, Kontakt, Handelsregister, Umsatzsteuer-ID und Haftungshinweise.","robots":{"index":"index","follow":"follow","max-snippet":"max-snippet:-1","max-image-preview":"max-image-preview:large","max-video-preview":"max-video-preview:-1"},"canonical":"https:\/\/bfc-profile.com\/de\/impressum\/","og_locale":"de_DE","og_type":"article","og_title":"bfc \u2013 the innovative cut | Impressum","og_description":"Rechtliche Informationen zur bfc Fahrzeugteile GmbH: Anschrift, Kontakt, Handelsregister, Umsatzsteuer-ID und Haftungshinweise.","og_url":"https:\/\/bfc-profile.com\/de\/impressum\/","og_site_name":"bfc \u2013 the innovative cut","article_modified_time":"2026-03-20T08:58:27+00:00","twitter_card":"summary_large_image","twitter_misc":{"Gesch\u00e4tzte Lesezeit":"3\u00a0Minuten"},"schema":{"@context":"https:\/\/schema.org","@graph":[{"@type":"WebPage","@id":"https:\/\/bfc-profile.com\/de\/impressum\/","url":"https:\/\/bfc-profile.com\/de\/impressum\/","name":"bfc \u2013 the innovative cut | Impressum","isPartOf":{"@id":"https:\/\/bfc-profile.com\/de\/#website"},"datePublished":"2024-10-17T11:16:14+00:00","dateModified":"2026-03-20T08:58:27+00:00","description":"Rechtliche Informationen zur bfc Fahrzeugteile GmbH: Anschrift, Kontakt, Handelsregister, Umsatzsteuer-ID und Haftungshinweise.","breadcrumb":{"@id":"https:\/\/bfc-profile.com\/de\/impressum\/#breadcrumb"},"inLanguage":"de","potentialAction":[{"@type":"ReadAction","target":["https:\/\/bfc-profile.com\/de\/impressum\/"]}]},{"@type":"BreadcrumbList","@id":"https:\/\/bfc-profile.com\/de\/impressum\/#breadcrumb","itemListElement":[{"@type":"ListItem","position":1,"name":"Startseite","item":"https:\/\/bfc-profile.com\/de\/"},{"@type":"ListItem","position":2,"name":"Impressum"}]},{"@type":"WebSite","@id":"https:\/\/bfc-profile.com\/de\/#website","url":"https:\/\/bfc-profile.com\/de\/","name":"bfc \u2013 the innovative cut","description":"Innovative Klemmprofile mit nachhaltigen L\u00f6sungen","publisher":{"@id":"https:\/\/bfc-profile.com\/de\/#organization"},"potentialAction":[{"@type":"SearchAction","target":{"@type":"EntryPoint","urlTemplate":"https:\/\/bfc-profile.com\/de\/?s={search_term_string}"},"query-input":{"@type":"PropertyValueSpecification","valueRequired":true,"valueName":"search_term_string"}}],"inLanguage":"de"},{"@type":"Organization","@id":"https:\/\/bfc-profile.com\/de\/#organization","name":"bfc \u2013 the innovative cut","url":"https:\/\/bfc-profile.com\/de\/","logo":{"@type":"ImageObject","inLanguage":"de","@id":"https:\/\/bfc-profile.com\/de\/#\/schema\/logo\/image\/","url":"https:\/\/bfc-profile.com\/wp-content\/uploads\/2024\/10\/Gruppe-2.svg","contentUrl":"https:\/\/bfc-profile.com\/wp-content\/uploads\/2024\/10\/Gruppe-2.svg","caption":"bfc \u2013 the innovative cut"},"image":{"@id":"https:\/\/bfc-profile.com\/de\/#\/schema\/logo\/image\/"}}]}},"_links":{"self":[{"href":"https:\/\/bfc-profile.com\/de\/wp-json\/wp\/v2\/pages\/70","targetHints":{"allow":["GET"]}}],"collection":[{"href":"https:\/\/bfc-profile.com\/de\/wp-json\/wp\/v2\/pages"}],"about":[{"href":"https:\/\/bfc-profile.com\/de\/wp-json\/wp\/v2\/types\/page"}],"author":[{"embeddable":true,"href":"https:\/\/bfc-profile.com\/de\/wp-json\/wp\/v2\/users\/1"}],"replies":[{"embeddable":true,"href":"https:\/\/bfc-profile.com\/de\/wp-json\/wp\/v2\/comments?post=70"}],"version-history":[{"count":10,"href":"https:\/\/bfc-profile.com\/de\/wp-json\/wp\/v2\/pages\/70\/revisions"}],"predecessor-version":[{"id":8594,"href":"https:\/\/bfc-profile.com\/de\/wp-json\/wp\/v2\/pages\/70\/revisions\/8594"}],"wp:attachment":[{"href":"https:\/\/bfc-profile.com\/de\/wp-json\/wp\/v2\/media?parent=70"}],"curies":[{"name":"wp","href":"https:\/\/api.w.org\/{rel}","templated":true}]}}